{"id":2615,"date":"2022-07-01T11:22:47","date_gmt":"2022-07-01T09:22:47","guid":{"rendered":"https:\/\/arztpraxis-beim-gemeindehaus.ch\/leistungen-copy\/"},"modified":"2026-03-17T12:35:10","modified_gmt":"2026-03-17T11:35:10","slug":"ueber-uns","status":"publish","type":"page","link":"https:\/\/arztpraxis-beim-gemeindehaus.ch\/hr\/ueber-uns\/","title":{"rendered":"\u00dcber uns"},"content":{"rendered":"\t\t<div data-elementor-type=\"wp-page\" data-elementor-id=\"2615\" class=\"elementor elementor-2615\" data-elementor-post-type=\"page\">\n\t\t\t\t\t\t<section class=\"elementor-section elementor-top-section elementor-element elementor-element-dbfb6c8 ct-section-stretched elementor-section-height-min-height elementor-section-boxed elementor-section-height-default elementor-section-items-middle\" data-id=\"dbfb6c8\" data-element_type=\"section\" data-e-type=\"section\" data-settings=\"{&quot;background_background&quot;:&quot;classic&quot;}\">\n\t\t\t\t\t\t\t<div class=\"elementor-background-overlay\"><\/div>\n\t\t\t\t\t\t\t<div class=\"elementor-container elementor-column-gap-default\">\n\t\t\t\t\t<div class=\"elementor-column elementor-col-100 elementor-top-column elementor-element elementor-element-61bd2a2\" data-id=\"61bd2a2\" data-element_type=\"column\" data-e-type=\"column\">\n\t\t\t<div class=\"elementor-widget-wrap elementor-element-populated\">\n\t\t\t\t\t\t<div class=\"elementor-element elementor-element-cc37df2 elementor-widget elementor-widget-heading\" data-id=\"cc37df2\" data-element_type=\"widget\" data-e-type=\"widget\" data-widget_type=\"heading.default\">\n\t\t\t\t<div class=\"elementor-widget-container\">\n\t\t\t\t\t<h2 class=\"elementor-heading-title elementor-size-default\">Na\u0161 tim<\/h2>\t\t\t\t<\/div>\n\t\t\t\t<\/div>\n\t\t\t\t\t<\/div>\n\t\t<\/div>\n\t\t\t\t\t<\/div>\n\t\t<\/section>\n\t\t\t\t<section class=\"elementor-section elementor-top-section elementor-element elementor-element-e68c236 ct-section-stretched elementor-section-boxed elementor-section-height-default elementor-section-height-default\" data-id=\"e68c236\" data-element_type=\"section\" data-e-type=\"section\">\n\t\t\t\t\t\t<div class=\"elementor-container elementor-column-gap-default\">\n\t\t\t\t\t<div class=\"elementor-column elementor-col-100 elementor-top-column elementor-element elementor-element-bff9aad\" data-id=\"bff9aad\" data-element_type=\"column\" data-e-type=\"column\">\n\t\t\t<div class=\"elementor-widget-wrap elementor-element-populated\">\n\t\t\t\t\t\t<div class=\"elementor-element elementor-element-a5c9a05 elementor-widget elementor-widget-heading\" data-id=\"a5c9a05\" data-element_type=\"widget\" data-e-type=\"widget\" data-widget_type=\"heading.default\">\n\t\t\t\t<div class=\"elementor-widget-container\">\n\t\t\t\t\t<h2 class=\"elementor-heading-title elementor-size-default\">Na\u0161 tim<\/h2>\t\t\t\t<\/div>\n\t\t\t\t<\/div>\n\t\t\t\t<div class=\"elementor-element elementor-element-6f082a6 elementor-widget elementor-widget-text-editor\" data-id=\"6f082a6\" data-element_type=\"widget\" data-e-type=\"widget\" data-widget_type=\"text-editor.default\">\n\t\t\t\t<div class=\"elementor-widget-container\">\n\t\t\t\t\t\t\t\t\tMi smo posvec\u0301en i kompetentan tim i \u017eelimo da se brinemo o vama na najbolji moguc\u0301i na\u010din.\n\t\t\t\t\t\t\t\t<\/div>\n\t\t\t\t<\/div>\n\t\t\t\t<div class=\"elementor-element elementor-element-ff546a8 elementor-widget-divider--view-line elementor-widget elementor-widget-divider\" data-id=\"ff546a8\" data-element_type=\"widget\" data-e-type=\"widget\" data-widget_type=\"divider.default\">\n\t\t\t\t<div class=\"elementor-widget-container\">\n\t\t\t\t\t\t\t<div class=\"elementor-divider\">\n\t\t\t<span class=\"elementor-divider-separator\">\n\t\t\t\t\t\t<\/span>\n\t\t<\/div>\n\t\t\t\t\t\t<\/div>\n\t\t\t\t<\/div>\n\t\t\t\t\t<\/div>\n\t\t<\/div>\n\t\t\t\t\t<\/div>\n\t\t<\/section>\n\t\t\t\t<section class=\"elementor-section elementor-top-section elementor-element elementor-element-1b8e975 ct-section-stretched elementor-section-boxed elementor-section-height-default elementor-section-height-default\" data-id=\"1b8e975\" data-element_type=\"section\" data-e-type=\"section\">\n\t\t\t\t\t\t<div class=\"elementor-container elementor-column-gap-default\">\n\t\t\t\t\t<div class=\"elementor-column elementor-col-33 elementor-top-column elementor-element elementor-element-d4c576c\" data-id=\"d4c576c\" data-element_type=\"column\" data-e-type=\"column\" data-settings=\"{&quot;background_background&quot;:&quot;classic&quot;}\">\n\t\t\t<div class=\"elementor-widget-wrap elementor-element-populated\">\n\t\t\t\t\t\t<div class=\"elementor-element elementor-element-018b35e elementor-position-top elementor-widget elementor-widget-image-box\" data-id=\"018b35e\" data-element_type=\"widget\" data-e-type=\"widget\" data-widget_type=\"image-box.default\">\n\t\t\t\t<div class=\"elementor-widget-container\">\n\t\t\t\t\t<div class=\"elementor-image-box-wrapper\"><figure class=\"elementor-image-box-img\"><a href=\"\/dr-med-sasa-schneider\/\" tabindex=\"-1\"><img fetchpriority=\"high\" decoding=\"async\" width=\"380\" height=\"570\" src=\"https:\/\/arztpraxis-beim-gemeindehaus.ch\/wp-content\/uploads\/2022\/06\/dr_schneider.jpg\" class=\"attachment-full size-full wp-image-1767\" alt=\"Dr. Schneider\" srcset=\"https:\/\/arztpraxis-beim-gemeindehaus.ch\/wp-content\/uploads\/2022\/06\/dr_schneider.jpg 380w, https:\/\/arztpraxis-beim-gemeindehaus.ch\/wp-content\/uploads\/2022\/06\/dr_schneider-200x300.jpg 200w\" sizes=\"(max-width: 380px) 100vw, 380px\" \/><\/a><\/figure><div class=\"elementor-image-box-content\"><h3 class=\"elementor-image-box-title\"><a href=\"\/dr-med-sasa-schneider\/\">Dr. med. (Srb) Sa\u0161a Schneider<\/a><\/h3><p class=\"elementor-image-box-description\">Specijalista op\u0161te interne medicine FMH<\/p><\/div><\/div>\t\t\t\t<\/div>\n\t\t\t\t<\/div>\n\t\t\t\t\t<\/div>\n\t\t<\/div>\n\t\t\t\t<div class=\"elementor-column elementor-col-33 elementor-top-column elementor-element elementor-element-dcc1750\" data-id=\"dcc1750\" data-element_type=\"column\" data-e-type=\"column\" data-settings=\"{&quot;background_background&quot;:&quot;classic&quot;}\">\n\t\t\t<div class=\"elementor-widget-wrap elementor-element-populated\">\n\t\t\t\t\t\t<div class=\"elementor-element elementor-element-053c7df elementor-position-top elementor-widget elementor-widget-image-box\" data-id=\"053c7df\" data-element_type=\"widget\" data-e-type=\"widget\" data-widget_type=\"image-box.default\">\n\t\t\t\t<div class=\"elementor-widget-container\">\n\t\t\t\t\t<div class=\"elementor-image-box-wrapper\"><figure class=\"elementor-image-box-img\"><a href=\"\/dr-med-sasa-schneider\/\" tabindex=\"-1\"><img decoding=\"async\" width=\"380\" height=\"570\" src=\"https:\/\/arztpraxis-beim-gemeindehaus.ch\/wp-content\/uploads\/2024\/08\/profile-photo.jpg\" class=\"attachment-full size-full wp-image-3380\" alt=\"\" srcset=\"https:\/\/arztpraxis-beim-gemeindehaus.ch\/wp-content\/uploads\/2024\/08\/profile-photo.jpg 380w, https:\/\/arztpraxis-beim-gemeindehaus.ch\/wp-content\/uploads\/2024\/08\/profile-photo-200x300.jpg 200w\" sizes=\"(max-width: 380px) 100vw, 380px\" \/><\/a><\/figure><div class=\"elementor-image-box-content\"><h3 class=\"elementor-image-box-title\"><a href=\"\/dr-med-sasa-schneider\/\">Dr. med. (H) Kamilla Guedada<\/a><\/h3><p class=\"elementor-image-box-description\">Lekar op\u0161te prakse<\/p><\/div><\/div>\t\t\t\t<\/div>\n\t\t\t\t<\/div>\n\t\t\t\t\t<\/div>\n\t\t<\/div>\n\t\t\t\t<div class=\"elementor-column elementor-col-33 elementor-top-column elementor-element elementor-element-92fc94c\" data-id=\"92fc94c\" data-element_type=\"column\" data-e-type=\"column\" data-settings=\"{&quot;background_background&quot;:&quot;classic&quot;}\">\n\t\t\t<div class=\"elementor-widget-wrap elementor-element-populated\">\n\t\t\t\t\t\t<div class=\"elementor-element elementor-element-83b54e8 elementor-position-top elementor-widget elementor-widget-image-box\" data-id=\"83b54e8\" data-element_type=\"widget\" data-e-type=\"widget\" data-widget_type=\"image-box.default\">\n\t\t\t\t<div class=\"elementor-widget-container\">\n\t\t\t\t\t<div class=\"elementor-image-box-wrapper\"><figure class=\"elementor-image-box-img\"><img decoding=\"async\" width=\"380\" height=\"570\" src=\"https:\/\/arztpraxis-beim-gemeindehaus.ch\/wp-content\/uploads\/2023\/11\/Pia.jpg\" class=\"attachment-full size-full wp-image-3252\" alt=\"\" srcset=\"https:\/\/arztpraxis-beim-gemeindehaus.ch\/wp-content\/uploads\/2023\/11\/Pia.jpg 380w, https:\/\/arztpraxis-beim-gemeindehaus.ch\/wp-content\/uploads\/2023\/11\/Pia-200x300.jpg 200w\" sizes=\"(max-width: 380px) 100vw, 380px\" \/><\/figure><div class=\"elementor-image-box-content\"><h3 class=\"elementor-image-box-title\">Gospo\u0111a Pia Schneider<\/h3><p class=\"elementor-image-box-description\">Operativno upravljanje<\/p><\/div><\/div>\t\t\t\t<\/div>\n\t\t\t\t<\/div>\n\t\t\t\t\t<\/div>\n\t\t<\/div>\n\t\t\t\t\t<\/div>\n\t\t<\/section>\n\t\t\t\t<section class=\"elementor-section elementor-top-section elementor-element elementor-element-c8c9118 ct-section-stretched elementor-section-boxed elementor-section-height-default elementor-section-height-default\" data-id=\"c8c9118\" data-element_type=\"section\" data-e-type=\"section\">\n\t\t\t\t\t\t<div class=\"elementor-container elementor-column-gap-default\">\n\t\t\t\t\t<div class=\"elementor-column elementor-col-33 elementor-top-column elementor-element elementor-element-fd637f0\" data-id=\"fd637f0\" data-element_type=\"column\" data-e-type=\"column\" data-settings=\"{&quot;background_background&quot;:&quot;classic&quot;}\">\n\t\t\t<div class=\"elementor-widget-wrap elementor-element-populated\">\n\t\t\t\t\t\t<div class=\"elementor-element elementor-element-2095c84 elementor-position-top elementor-widget elementor-widget-image-box\" data-id=\"2095c84\" data-element_type=\"widget\" data-e-type=\"widget\" data-widget_type=\"image-box.default\">\n\t\t\t\t<div class=\"elementor-widget-container\">\n\t\t\t\t\t<div class=\"elementor-image-box-wrapper\"><figure class=\"elementor-image-box-img\"><img loading=\"lazy\" decoding=\"async\" width=\"380\" height=\"570\" src=\"https:\/\/arztpraxis-beim-gemeindehaus.ch\/wp-content\/uploads\/2025\/07\/Sybille_Hogg-web.jpg\" class=\"attachment-full size-full wp-image-3428\" alt=\"\" srcset=\"https:\/\/arztpraxis-beim-gemeindehaus.ch\/wp-content\/uploads\/2025\/07\/Sybille_Hogg-web.jpg 380w, https:\/\/arztpraxis-beim-gemeindehaus.ch\/wp-content\/uploads\/2025\/07\/Sybille_Hogg-web-200x300.jpg 200w\" sizes=\"(max-width: 380px) 100vw, 380px\" \/><\/figure><div class=\"elementor-image-box-content\"><h3 class=\"elementor-image-box-title\">Gospo\u0111a Sybille Hogg<\/h3><p class=\"elementor-image-box-description\">Medicinska sestra<\/p><\/div><\/div>\t\t\t\t<\/div>\n\t\t\t\t<\/div>\n\t\t\t\t\t<\/div>\n\t\t<\/div>\n\t\t\t\t<div class=\"elementor-column elementor-col-33 elementor-top-column elementor-element elementor-element-589ba7e\" data-id=\"589ba7e\" data-element_type=\"column\" data-e-type=\"column\" data-settings=\"{&quot;background_background&quot;:&quot;classic&quot;}\">\n\t\t\t<div class=\"elementor-widget-wrap elementor-element-populated\">\n\t\t\t\t\t\t<div class=\"elementor-element elementor-element-61ec06b elementor-position-top elementor-widget elementor-widget-image-box\" data-id=\"61ec06b\" data-element_type=\"widget\" data-e-type=\"widget\" data-widget_type=\"image-box.default\">\n\t\t\t\t<div class=\"elementor-widget-container\">\n\t\t\t\t\t<div class=\"elementor-image-box-wrapper\"><figure class=\"elementor-image-box-img\"><img loading=\"lazy\" decoding=\"async\" width=\"380\" height=\"570\" src=\"https:\/\/arztpraxis-beim-gemeindehaus.ch\/wp-content\/uploads\/2025\/07\/Gjeneta_Iseni_web.jpg\" class=\"attachment-full size-full wp-image-3429\" alt=\"\" srcset=\"https:\/\/arztpraxis-beim-gemeindehaus.ch\/wp-content\/uploads\/2025\/07\/Gjeneta_Iseni_web.jpg 380w, https:\/\/arztpraxis-beim-gemeindehaus.ch\/wp-content\/uploads\/2025\/07\/Gjeneta_Iseni_web-200x300.jpg 200w\" sizes=\"(max-width: 380px) 100vw, 380px\" \/><\/figure><div class=\"elementor-image-box-content\"><h3 class=\"elementor-image-box-title\">Gospo\u0111a Gjeneta Iseni<\/h3><p class=\"elementor-image-box-description\">Medicinska sestra<\/p><\/div><\/div>\t\t\t\t<\/div>\n\t\t\t\t<\/div>\n\t\t\t\t\t<\/div>\n\t\t<\/div>\n\t\t\t\t<div class=\"elementor-column elementor-col-33 elementor-top-column elementor-element elementor-element-929a642\" data-id=\"929a642\" data-element_type=\"column\" data-e-type=\"column\" data-settings=\"{&quot;background_background&quot;:&quot;classic&quot;}\">\n\t\t\t<div class=\"elementor-widget-wrap elementor-element-populated\">\n\t\t\t\t\t\t<div class=\"elementor-element elementor-element-6c07205 elementor-position-top elementor-widget elementor-widget-image-box\" data-id=\"6c07205\" data-element_type=\"widget\" data-e-type=\"widget\" data-widget_type=\"image-box.default\">\n\t\t\t\t<div class=\"elementor-widget-container\">\n\t\t\t\t\t<div class=\"elementor-image-box-wrapper\"><figure class=\"elementor-image-box-img\"><img loading=\"lazy\" decoding=\"async\" width=\"760\" height=\"1140\" src=\"https:\/\/arztpraxis-beim-gemeindehaus.ch\/wp-content\/uploads\/2026\/02\/rachelle-kablankan-760x1140-1.jpg\" class=\"attachment-full size-full wp-image-12885\" alt=\"Rachelle Kablankan\" srcset=\"https:\/\/arztpraxis-beim-gemeindehaus.ch\/wp-content\/uploads\/2026\/02\/rachelle-kablankan-760x1140-1.jpg 760w, https:\/\/arztpraxis-beim-gemeindehaus.ch\/wp-content\/uploads\/2026\/02\/rachelle-kablankan-760x1140-1-200x300.jpg 200w, https:\/\/arztpraxis-beim-gemeindehaus.ch\/wp-content\/uploads\/2026\/02\/rachelle-kablankan-760x1140-1-683x1024.jpg 683w\" sizes=\"(max-width: 760px) 100vw, 760px\" \/><\/figure><div class=\"elementor-image-box-content\"><h3 class=\"elementor-image-box-title\">Gospo\u0111a Rachelle Kablankan<\/h3><p class=\"elementor-image-box-description\">Medicinska sestra<\/p><\/div><\/div>\t\t\t\t<\/div>\n\t\t\t\t<\/div>\n\t\t\t\t\t<\/div>\n\t\t<\/div>\n\t\t\t\t\t<\/div>\n\t\t<\/section>\n\t\t\t\t<section class=\"elementor-section elementor-top-section elementor-element elementor-element-8226046 ct-section-stretched elementor-hidden-desktop elementor-hidden-tablet elementor-hidden-mobile elementor-section-boxed elementor-section-height-default elementor-section-height-default\" data-id=\"8226046\" data-element_type=\"section\" data-e-type=\"section\">\n\t\t\t\t\t\t<div class=\"elementor-container elementor-column-gap-default\">\n\t\t\t\t\t<div class=\"elementor-column elementor-col-33 elementor-top-column elementor-element elementor-element-6f63775\" data-id=\"6f63775\" data-element_type=\"column\" data-e-type=\"column\" data-settings=\"{&quot;background_background&quot;:&quot;classic&quot;}\">\n\t\t\t<div class=\"elementor-widget-wrap elementor-element-populated\">\n\t\t\t\t\t\t<div class=\"elementor-element elementor-element-17be251 elementor-position-top elementor-widget elementor-widget-image-box\" data-id=\"17be251\" data-element_type=\"widget\" data-e-type=\"widget\" data-widget_type=\"image-box.default\">\n\t\t\t\t<div class=\"elementor-widget-container\">\n\t\t\t\t\t<div class=\"elementor-image-box-wrapper\"><figure class=\"elementor-image-box-img\"><a href=\"\/dr-med-sasa-schneider\/\" tabindex=\"-1\"><img loading=\"lazy\" decoding=\"async\" width=\"380\" height=\"570\" src=\"https:\/\/arztpraxis-beim-gemeindehaus.ch\/wp-content\/uploads\/2022\/06\/dr_schneider.jpg\" class=\"elementor-animation-grow attachment-full size-full wp-image-1767\" alt=\"Dr. Schneider\" srcset=\"https:\/\/arztpraxis-beim-gemeindehaus.ch\/wp-content\/uploads\/2022\/06\/dr_schneider.jpg 380w, https:\/\/arztpraxis-beim-gemeindehaus.ch\/wp-content\/uploads\/2022\/06\/dr_schneider-200x300.jpg 200w\" sizes=\"(max-width: 380px) 100vw, 380px\" \/><\/a><\/figure><div class=\"elementor-image-box-content\"><h3 class=\"elementor-image-box-title\"><a href=\"\/dr-med-sasa-schneider\/\">Dr. med. (Srb) Sa\u0161a Schneider<\/a><\/h3><p class=\"elementor-image-box-description\">Specijalista op\u0161te interne medicine FMH<\/p><\/div><\/div>\t\t\t\t<\/div>\n\t\t\t\t<\/div>\n\t\t\t\t\t<\/div>\n\t\t<\/div>\n\t\t\t\t<div class=\"elementor-column elementor-col-33 elementor-top-column elementor-element elementor-element-fcc35e2\" data-id=\"fcc35e2\" data-element_type=\"column\" data-e-type=\"column\" data-settings=\"{&quot;background_background&quot;:&quot;classic&quot;}\">\n\t\t\t<div class=\"elementor-widget-wrap elementor-element-populated\">\n\t\t\t\t\t\t<div class=\"elementor-element elementor-element-503ae7a elementor-position-top elementor-widget elementor-widget-image-box\" data-id=\"503ae7a\" data-element_type=\"widget\" data-e-type=\"widget\" data-widget_type=\"image-box.default\">\n\t\t\t\t<div class=\"elementor-widget-container\">\n\t\t\t\t\t<div class=\"elementor-image-box-wrapper\"><figure class=\"elementor-image-box-img\"><img loading=\"lazy\" decoding=\"async\" width=\"380\" height=\"570\" src=\"https:\/\/arztpraxis-beim-gemeindehaus.ch\/wp-content\/uploads\/2022\/06\/eveline_maeder.jpg\" class=\"attachment-full size-full wp-image-1768\" alt=\"\" srcset=\"https:\/\/arztpraxis-beim-gemeindehaus.ch\/wp-content\/uploads\/2022\/06\/eveline_maeder.jpg 380w, https:\/\/arztpraxis-beim-gemeindehaus.ch\/wp-content\/uploads\/2022\/06\/eveline_maeder-200x300.jpg 200w\" sizes=\"(max-width: 380px) 100vw, 380px\" \/><\/figure><div class=\"elementor-image-box-content\"><h3 class=\"elementor-image-box-title\">Gospo\u0111a Eveline M\u00e4der<\/h3><p class=\"elementor-image-box-description\">MPA<\/p><\/div><\/div>\t\t\t\t<\/div>\n\t\t\t\t<\/div>\n\t\t\t\t\t<\/div>\n\t\t<\/div>\n\t\t\t\t<div class=\"elementor-column elementor-col-33 elementor-top-column elementor-element elementor-element-9f38b5b\" data-id=\"9f38b5b\" data-element_type=\"column\" data-e-type=\"column\" data-settings=\"{&quot;background_background&quot;:&quot;classic&quot;}\">\n\t\t\t<div class=\"elementor-widget-wrap elementor-element-populated\">\n\t\t\t\t\t\t<div class=\"elementor-element elementor-element-3c5fe4f elementor-position-top elementor-widget elementor-widget-image-box\" data-id=\"3c5fe4f\" data-element_type=\"widget\" data-e-type=\"widget\" data-widget_type=\"image-box.default\">\n\t\t\t\t<div class=\"elementor-widget-container\">\n\t\t\t\t\t<div class=\"elementor-image-box-wrapper\"><figure class=\"elementor-image-box-img\"><img loading=\"lazy\" decoding=\"async\" width=\"380\" height=\"570\" src=\"https:\/\/arztpraxis-beim-gemeindehaus.ch\/wp-content\/uploads\/2022\/06\/nadine_gentsch.jpg\" class=\"attachment-full size-full wp-image-1769\" alt=\"\" srcset=\"https:\/\/arztpraxis-beim-gemeindehaus.ch\/wp-content\/uploads\/2022\/06\/nadine_gentsch.jpg 380w, https:\/\/arztpraxis-beim-gemeindehaus.ch\/wp-content\/uploads\/2022\/06\/nadine_gentsch-200x300.jpg 200w\" sizes=\"(max-width: 380px) 100vw, 380px\" \/><\/figure><div class=\"elementor-image-box-content\"><h3 class=\"elementor-image-box-title\">Gospo\u0111a Nadine Gentsch<\/h3><p class=\"elementor-image-box-description\">MPA<\/p><\/div><\/div>\t\t\t\t<\/div>\n\t\t\t\t<\/div>\n\t\t\t\t\t<\/div>\n\t\t<\/div>\n\t\t\t\t\t<\/div>\n\t\t<\/section>\n\t\t\t\t<\/div>\n\t\t","protected":false},"excerpt":{"rendered":"<p>Na\u0161 tim Na\u0161 tim Mi smo posvec\u0301en i kompetentan tim i \u017eelimo da se brinemo o vama na najbolji moguc\u0301i na\u010din. Dr. med. (Srb) Sa\u0161a Schneider Specijalista op\u0161te interne medicine FMH Dr. med. (H) Kamilla Guedada Lekar op\u0161te prakse Gospo\u0111a Pia Schneider Operativno upravljanje Gospo\u0111a Sybille Hogg Medicinska sestra Gospo\u0111a Gjeneta Iseni Medicinska sestra Gospo\u0111a [&hellip;]<\/p>\n","protected":false},"author":1,"featured_media":0,"parent":0,"menu_order":0,"comment_status":"closed","ping_status":"closed","template":"","meta":{"footnotes":""},"class_list":["post-2615","page","type-page","status-publish","hentry"],"blocksy_meta":{"page_title_panel":"","has_hero_section":"disabled","4df3fbb95bab492361a9f65b480fe05c":"","hero_section":"type-1","hero_elements":[{"id":"custom_title","enabled":true,"heading_tag":"h1","title":"Home"},{"id":"custom_description","enabled":true,"description_visibility":{"desktop":true,"tablet":true,"mobile":false}},{"id":"custom_meta","enabled":false,"meta_elements":[{"id":"author","enabled":true,"label":"By","has_author_avatar":"yes","avatar_size":25},{"id":"post_date","enabled":true,"label":"On","date_format_source":"default","date_format":"M j, Y"},{"id":"updated_date","enabled":false,"label":"On","date_format_source":"default","date_format":"M j, Y"},{"id":"categories","enabled":false,"label":"In","style":"simple"},{"id":"comments","enabled":true}],"page_meta_elements":{"joined":true,"articles_count":true,"comments":true}},{"id":"breadcrumbs","enabled":false}],"417e6b2bbb36a8603660f2a80f3b8c5f":"","hero_alignment1":"CT_CSS_SKIP_RULE","hero_margin":40,"hero_alignment2":"center","hero_vertical_alignment":"center","4e88eea0c3888237b25e9e7540fc2c79":"","hero_structure":"narrow","c38d5daf3e31c85c1ccccf6d8a85aacb":"","page_title_bg_type":"featured_image","custom_hero_background":{"attachment_id":null},"parallax":{"desktop":false,"tablet":false,"mobile":false},"6257c89dccca40ebba7b48ea4d85e507":"","hero_height":"250px","pageTitleFont":{"family":"Default","variation":"Default","size":"30px","line-height":"CT_CSS_SKIP_RULE","letter-spacing":"CT_CSS_SKIP_RULE","text-transform":"CT_CSS_SKIP_RULE","text-decoration":"CT_CSS_SKIP_RULE"},"pageTitleFontColor":{"default":{"color":"CT_CSS_SKIP_RULEDEFAULT"}},"pageMetaFont":{"family":"Default","variation":"n6","size":"12px","line-height":"1.3","letter-spacing":"CT_CSS_SKIP_RULE","text-transform":"uppercase","text-decoration":"CT_CSS_SKIP_RULE"},"pageMetaFontColor":{"default":{"color":"CT_CSS_SKIP_RULEDEFAULT"},"hover":{"color":"CT_CSS_SKIP_RULEDEFAULT"}},"page_meta_button_type_font_colors":{"default":{"color":"CT_CSS_SKIP_RULEDEFAULT"},"hover":{"color":"CT_CSS_SKIP_RULEDEFAULT"}},"page_meta_button_type_background_colors":{"default":{"color":"CT_CSS_SKIP_RULEDEFAULT"},"hover":{"color":"CT_CSS_SKIP_RULEDEFAULT"}},"pageExcerptFont":{"family":"Default","variation":"Default","size":"CT_CSS_SKIP_RULE","line-height":"CT_CSS_SKIP_RULE","letter-spacing":"CT_CSS_SKIP_RULE","text-transform":"CT_CSS_SKIP_RULE","text-decoration":"CT_CSS_SKIP_RULE"},"pageExcerptColor":{"default":{"color":"CT_CSS_SKIP_RULEDEFAULT"}},"breadcrumbsFont":{"family":"Default","variation":"Default","size":"CT_CSS_SKIP_RULE","line-height":"CT_CSS_SKIP_RULE","letter-spacing":"CT_CSS_SKIP_RULE","text-transform":"CT_CSS_SKIP_RULE","text-decoration":"CT_CSS_SKIP_RULE"},"breadcrumbsFontColor":{"default":{"color":"CT_CSS_SKIP_RULEDEFAULT"},"initial":{"color":"CT_CSS_SKIP_RULEDEFAULT"},"hover":{"color":"CT_CSS_SKIP_RULEDEFAULT"}},"pageTitleOverlay":{"background_type":"color","background_pattern":"type-1","background_image":{"attachment_id":null,"x":0,"y":0},"gradient":"linear-gradient(135deg,rgba(6,147,227,1) 0%,rgb(155,81,224) 100%)","background_repeat":"repeat","background_size":"auto","background_attachment":"scroll","patternColor":{"default":{"color":"#e5e7ea"}},"overlayColor":{"default":{"color":"CT_CSS_SKIP_RULE"}},"backgroundColor":{"default":{"color":"CT_CSS_SKIP_RULE"}}},"pageTitleBackground":{"background_type":"color","background_pattern":"type-1","background_image":{"attachment_id":null,"x":0,"y":0},"gradient":"linear-gradient(135deg,rgba(6,147,227,1) 0%,rgb(155,81,224) 100%)","background_repeat":"repeat","background_size":"auto","background_attachment":"scroll","patternColor":{"default":{"color":"#e5e7ea"}},"overlayColor":{"default":{"color":"CT_CSS_SKIP_RULE"}},"backgroundColor":{"default":{"color":"var(--theme-palette-color-6)"}}},"pageTitlePadding":{"top":"50px","bottom":"50px","left":"auto","right":"auto","linked":true},"21c5723b7e020fe4bfe67f099ac66fc2":"","page_structure_type":"default","35c188276c9dd41ba8beac90732e5753":"","content_style_source":"inherit","content_style":"wide","vertical_spacing_source":"custom","content_area_spacing":"none","background":{"background_type":"color","background_pattern":"type-1","background_image":{"attachment_id":null,"x":0,"y":0},"gradient":"linear-gradient(135deg,rgba(6,147,227,1) 0%,rgb(155,81,224) 100%)","background_repeat":"repeat","background_size":"auto","background_attachment":"scroll","patternColor":{"default":{"color":"#e5e7ea"}},"overlayColor":{"default":{"color":"CT_CSS_SKIP_RULE"}},"backgroundColor":{"default":{"color":"CT_CSS_SKIP_RULE"}}},"content_background":{"background_type":"color","background_pattern":"type-1","background_image":{"attachment_id":null,"x":0,"y":0},"gradient":"linear-gradient(135deg,rgba(6,147,227,1) 0%,rgb(155,81,224) 100%)","background_repeat":"repeat","background_size":"auto","background_attachment":"scroll","patternColor":{"default":{"color":"#e5e7ea"}},"overlayColor":{"default":{"color":"CT_CSS_SKIP_RULE"}},"backgroundColor":{"default":{"color":"var(--theme-palette-color-8)"}}},"content_boxed_shadow":{"inherit":false,"blur":18,"spread":-6,"v_offset":12,"h_offset":0,"inset":false,"enable":true,"color":{"color":"rgba(34, 56, 101, 0.04)"}},"boxed_content_spacing":{"desktop":{"top":"40px","bottom":"40px","left":"40px","right":"40px","linked":true},"tablet":{"top":"35px","bottom":"35px","left":"35px","right":"35px","linked":true},"mobile":{"top":"20px","bottom":"20px","left":"20px","right":"20px","linked":true}},"content_boxed_radius":{"top":"3px","bottom":"3px","left":"3px","right":"3px","linked":true},"cfc0553e4b6cc9df47478580337c399f":"","disable_featured_image":"no","disable_share_box":"no","disable_header":"no","disable_footer":"no","styles_descriptor":{"styles":{"desktop":"","tablet":"","mobile":""},"google_fonts":[],"version":6}},"_links":{"self":[{"href":"https:\/\/arztpraxis-beim-gemeindehaus.ch\/hr\/wp-json\/wp\/v2\/pages\/2615","targetHints":{"allow":["GET"]}}],"collection":[{"href":"https:\/\/arztpraxis-beim-gemeindehaus.ch\/hr\/wp-json\/wp\/v2\/pages"}],"about":[{"href":"https:\/\/arztpraxis-beim-gemeindehaus.ch\/hr\/wp-json\/wp\/v2\/types\/page"}],"author":[{"embeddable":true,"href":"https:\/\/arztpraxis-beim-gemeindehaus.ch\/hr\/wp-json\/wp\/v2\/users\/1"}],"replies":[{"embeddable":true,"href":"https:\/\/arztpraxis-beim-gemeindehaus.ch\/hr\/wp-json\/wp\/v2\/comments?post=2615"}],"version-history":[{"count":124,"href":"https:\/\/arztpraxis-beim-gemeindehaus.ch\/hr\/wp-json\/wp\/v2\/pages\/2615\/revisions"}],"predecessor-version":[{"id":12904,"href":"https:\/\/arztpraxis-beim-gemeindehaus.ch\/hr\/wp-json\/wp\/v2\/pages\/2615\/revisions\/12904"}],"wp:attachment":[{"href":"https:\/\/arztpraxis-beim-gemeindehaus.ch\/hr\/wp-json\/wp\/v2\/media?parent=2615"}],"curies":[{"name":"wp","href":"https:\/\/api.w.org\/{rel}","templated":true}]}}